{"id":304,"date":"2025-09-02T12:46:03","date_gmt":"2025-09-02T12:46:03","guid":{"rendered":"https:\/\/gymfrey.at\/?page_id=304"},"modified":"2025-09-04T14:52:02","modified_gmt":"2025-09-04T14:52:02","slug":"dsgvo","status":"publish","type":"page","link":"https:\/\/gymfrey.at\/?page_id=304","title":{"rendered":"DSGVO"},"content":{"rendered":"\n<div class=\"wp-block-group alignfull is-style-section-5 is-layout-flow wp-block-group-is-layout-flow is-style-section-5--1\" style=\"min-height:100vh;margin-top:0;margin-bottom:0;padding-top:var(--wp--preset--spacing--50);padding-right:var(--wp--preset--spacing--50);padding-bottom:var(--wp--preset--spacing--50);padding-left:var(--wp--preset--spacing--50)\">\n<div class=\"wp-block-columns alignfull is-layout-flex wp-container-core-columns-is-layout-47c06fe3 wp-block-columns-is-layout-flex\">\n<div class=\"wp-block-column is-layout-flow wp-block-column-is-layout-flow\">\n<div class=\"wp-block-group is-vertical is-content-justification-stretch is-nowrap is-layout-flex wp-container-core-group-is-layout-9a2e2d63 wp-block-group-is-layout-flex\" style=\"min-height:100%\">\n<p class=\"has-text-align-left has-x-large-font-size\" style=\"line-height:1.2\">DATENSCHUTZERKL\u00c4RUNG<\/p>\n\n\n\n<ol class=\"wp-block-list\">\n<li>Allgemeines<\/li>\n<\/ol>\n\n\n\n<p>Wir, die Frey-Sports GmbH, Lafnitz 38, 8233 Lafnitz, vertreten durch Daniela Frey, FN<br>647435&nbsp;k beim Landesgericht f\u00fcr Zivilrechtssachen Graz (kurz \u201ewir\u201c), nehmen den Schutz<br>Ihrer personenbezogenen Daten sehr ernst und informieren Sie deshalb dar\u00fcber, zu<br>welchem Zweck, auf welcher Rechtsgrundlage, wie lange und unter Heranziehung welcher<br>Dienstleister (\u201eEmpf\u00e4nger\u201c) wir Ihre Daten verarbeiten und welche Betroffenenrechte Ihnen<br>im Einzelnen unter Umst\u00e4nden zustehen k\u00f6nnten. In dieser Datenschutzinformation<br>verwendete Substantive verstehen sich geschlechtsneutral, sodass ausschlie\u00dflich zur<br>leichteren Lesbarkeit die m\u00e4nnliche Form genutzt wird.<\/p>\n\n\n\n<p>Frey-Sports sch\u00fctzt Ihre personenbezogenen Daten durch entsprechende organisatorische<br>und technische Vorkehrungen. Diese Vorkehrungen betreffen insbesondere den Schutz vor<br>unerlaubtem, rechtswidrigem oder zuf\u00e4lligem Zugriff, Verarbeitung, Verwendung, Verlust und<br>Manipulation.<\/p>\n\n\n\n<p>Verantwortliche der Datenverarbeitung:<\/p>\n\n\n\n<p>Name: Frey-Sports GmbH<br>vertreten durch Daniela Frey<br>Adresse: Lafnitz 38, 8233 Lafnitz<br>E-Mail: office@gymfrey.at oder daniela.frey@gymfrey.at<br>Telefonnummer: +43 664 2440621<\/p>\n\n\n\n<ol start=\"2\" class=\"wp-block-list\">\n<li>Rechtsgrundlage<\/li>\n<\/ol>\n\n\n\n<p>Die Rechtsgrundlagen der Datenverarbeitung stellen sich wie folgt dar:<br>\uf0d8 die Vertragsanbahnung und -erf\u00fcllung gem\u00e4\u00df Art. 6 Abs. 1 lit. b DSGVO;<br>\uf0d8 die gesetzliche Verpflichtungen gem\u00e4\u00df Art 6 Abs. 1 lit. c DSGVO, (beispielsweise<br>gesetzliche Aufbewahrungs- und Dokumentationspflichten);<br>\uf0d8 das berechtigte Interessen der Frey-Sports GmbH im Sinne des Art 6 Abs. 1 lit.&nbsp;f<br>DSGVO (beispielsweise statistische Auswertungen);<br>\uf0d8 Art 6 Abs. 1 lit. a DSGVO bei Einholung von Einwilligungen (beispielsweise bei der<br>Verarbeitung von Bilddaten oder f\u00fcr Werbezwecke).<\/p>\n\n\n\n<p>2\/1<\/p>\n\n\n\n<ol start=\"3\" class=\"wp-block-list\">\n<li>Copyright<\/li>\n<\/ol>\n\n\n\n<p>Dem gesamten Inhalt dieser Website kommt urheberrechtlicher Schutz zu. Alle Rechte, auch<br>jene des Nachdrucks, der \u00dcbersetzung, und der Vervielf\u00e4ltigung des Inhalts oder Teilen<br>hieraus, kommen den Urhebern zu und sind eben diesen vorbehalten. Die Verarbeitung<br>durch Dritte, in welcher Art auch immer, ist ausschlie\u00dflich durch schriftliche Genehmigung<br>der Frey-Sports GmbH gestattet.<\/p>\n\n\n\n<ol start=\"4\" class=\"wp-block-list\">\n<li>Kontaktaufnahme<\/li>\n<\/ol>\n\n\n\n<p>Erfolgt die Kontaktaufnahme mit der Frey-Sports GmbH (beispielsweise \u00fcber die E-<br>Mailadresse etc.) werden die Daten des Nutzers (betroffene Person) zur Bearbeitung der<br>Anfrage sowie zur weiteren Bearbeitung gespeichert. Gespeichert werden hier die von Ihnen<br>angegebenen personenbezogenen Daten.<\/p>\n\n\n\n<p>Die Rechtsgrundlage stellt hierf\u00fcr der Art 6 Abs. 1 lit. a DSGVO dar.<\/p>\n\n\n\n<ol start=\"5\" class=\"wp-block-list\">\n<li>Datenverarbeitung bei Besuch unserer Website<br>Zur Nutzung der Website der Frey-Sports GmbH zu reinen Informationszwecken:<br>Bei der blo\u00df informatorischen Nutzung unserer Website, erheben wir nur die<br>personenbezogenen Daten, die Ihr Browser an unseren Server \u00fcbermittelt. Wenn Sie unsere<br>Website betrachten m\u00f6chten, erheben wir nur jene Daten, die f\u00fcr uns technisch erforderlich<br>sind, um Ihnen unsere Website anzeigen zu k\u00f6nnen und die Stabilit\u00e4t sowie Sicherheit zu<br>gew\u00e4hrleisten:<\/li>\n<\/ol>\n\n\n\n<p>\uf0d8 IP-Adresse<br>\uf0d8 Datum und Uhrzeit der Anfrage<br>\uf0d8 Zeitzonendifferenz zur Coordinated Universal Time (UTC)<br>\uf0d8 Inhalt der Anforderung (konkrete Seite)<br>\uf0d8 Zugriffsstatus\/HTTP-Statuscode<br>\uf0d8 Website, von der die Anforderung kommt<br>\uf0d8 Browser<br>\uf0d8 Betriebssystem und dessen Oberfl\u00e4che<br>\uf0d8 Sprache und Version der Browsersoftware.<\/p>\n\n\n\n<p>3\/1<\/p>\n\n\n\n<p>Die Rechtsgrundlage stellt hierf\u00fcr der Art. 6 Abs. 1 lit. f DSGVO dar.<\/p>\n\n\n\n<ol start=\"6\" class=\"wp-block-list\">\n<li>Speicherung der Daten<\/li>\n<\/ol>\n\n\n\n<p>Die Speicherung Ihrer Daten erfolgt nur so lange, als diese f\u00fcr die vertragliche bzw.<br>gesetzliche Verpflichtung notwendig sind.<\/p>\n\n\n\n<ol start=\"7\" class=\"wp-block-list\">\n<li>Einbindung von Diensten und Inhalten Dritter<\/li>\n<\/ol>\n\n\n\n<p>Es besteht die M\u00f6glichkeit, dass innerhalb dieses Onlineangebotes Inhalte Dritter, wie<br>beispielsweise Videos von YouTube, Kartenmaterial von Google-Maps, RSS-Feeds oder<br>Grafiken von anderen Webseiten eingebunden werden. Dies setzt immer voraus, dass die<br>Anbieter dieser Inhalte (nachfolgend als sogenannte \u201eDritt-Anbieter\u201c bezeichnet) die IP-<br>Adresse der Nutzer wahrnehmen. Ohne die Wahrnehmung der IP-Adresse k\u00f6nnen sie die<br>Inhalte nicht an den Browser des jeweiligen Nutzers senden. Die IP-Adresse ist daher f\u00fcr die<br>Darstellung dieser zuvor genannten Inhalte erforderlich. Es wird jedenfalls Bedacht darauf<br>genommen, dass nur solche Inhalte verwendet werden, deren jeweilige Anbieter die IP-<br>Adresse lediglich zur Auslieferung der Inhalte verwenden. Die Frey-Sports GmbH hat jedoch<br>keinen Einfluss darauf, ob die Dritt-Anbieter die IP-Adresse beispielsweise f\u00fcr einige Zeit f\u00fcr<br>statistische (oder \u00e4hnliche) Zwecken speichern. Bei Kenntnis \u00fcber eine allf\u00e4llige Speicherung<br>wird die Frey-Sports GmbH Sie nat\u00fcrlich aufkl\u00e4ren.<\/p>\n\n\n\n<ol start=\"8\" class=\"wp-block-list\">\n<li>Cookies<\/li>\n<\/ol>\n\n\n\n<p>Cookies sind kleine Dateien, die es erm\u00f6glichen, auf dem Zugriffsger\u00e4t der Nutzer (PC,<br>Smartphone o.\u00e4.) spezifische, auf das Ger\u00e4t bezogene Informationen zu speichern. Sie<br>dienen zum einem der Benutzerfreundlichkeit von Webseiten und damit den Nutzern (z.B.<br>Speicherung von Logindaten). Des Weiteren dienen sie dazu statische Daten der<br>Webseitennutzer zu erfassen. Die Nutzer k\u00f6nnen auf den Einsatz der Cookies<br>(Einschr\u00e4nkung \/ L\u00f6schung) Einfluss nehmen. Die meisten Browser verf\u00fcgen \u00fcber eine<br>Option mit der das Speichern von Cookies eingeschr\u00e4nkt oder komplett verhindert wird. Es<br>wird jedoch darauf hingewiesen, dass die Nutzung bzw. der Nutzungskomfort ohne Cookies<br>eingeschr\u00e4nkt \/ vermindert ist. Sie haben die M\u00f6glichkeit viele Online-Anzeigen-Cookies von<br>Unternehmen \u00fcber die US-amerikanische Seite oder die europ\u00e4ische Seite zu verwalten. Die<br>Links finden Sie hier:<\/p>\n\n\n\n<p>US-amerikanische Seite http:\/\/www.aboutads.info\/choices\/<br>Europ\u00e4ische Seite http:\/\/www.youronlinechoices.com\/uk\/your-ad-choices\/<\/p>\n\n\n\n<p>4\/1<\/p>\n\n\n\n<ol start=\"9\" class=\"wp-block-list\">\n<li>Social Media Pr\u00e4senz<\/li>\n<\/ol>\n\n\n\n<p>Von der Frey-Sports GmbH werden auch Social Media Accounts (Instagram, Facebook und<br>Youtube) betrieben.<\/p>\n\n\n\n<p>Zweck unserer Profile auf Social Media-Plattformen ist Vergr\u00f6\u00dferung unserer<br>Internetpr\u00e4senz und damit einhergehende gr\u00f6\u00dfere Bekanntheit. Daher ist als<br>Rechtsgrundlage berechtigtes Interesse gem. Art. 6 Abs. 1 lit. f DSGVO heranzuziehen.<br>Weiters ist bez\u00fcglich den Verarbeitungst\u00e4tigkeiten durch die sozialen Netzwerke, auf deren<br>eigene Rechtsgrundlagen (z. B. Einwilligung gem. Art. 6 Abs. 1 lit. a DSGVO) zu verweisen,<br>welche Sie der jeweiligen Datenschutzerkl\u00e4rung entnehmen.<\/p>\n\n\n\n<p>Grunds\u00e4tzlich sind wir gemeinsam mit der Social-Media-Plattform f\u00fcr die beim Besuch<br>unseres Profils ausgel\u00f6sten Datenverarbeitungsvorg\u00e4nge verantwortlich. Daher k\u00f6nnen Sie<br>Ihre Betroffenenrechte gem. Art. 15ff DGSVO gegen\u00fcber der Social Media-Plattform als<br>auch gegen\u00fcber uns geltend machen. Wir weisen jedoch daraufhin, dass wir keinen Einfluss<br>auf die Datenverarbeitung durch die Social Media-Plattform nehmen k\u00f6nnen.<\/p>\n\n\n\n<p>Instagram<\/p>\n\n\n\n<p>Auf der Website der Frey-Sports GmbH werden Social Plugins (nachfolgend \u201ePlugins\u201c<br>genannt) von Instagram verwendet. Die Plugins werden von der Instagram LLC., 1601<br>Willow Road, Menlo Park, CA 94025, USA (\u201eInstagram\u201c) betrieben. Gekennzeichnet werden<br>diese Plugins beispielsweise durch die \u201eInstagram-Kamera\u201c. Das Aussehen der Plugins<br>k\u00f6nnen Sie hier sehen: http:\/\/blog.instagram.com\/post\/36222022872\/introducing-instagram-<br>badges<br>Bei Aufruf einer Seite des Werbeauftritts der Frey-Sports GmbH stellt Ihr Browser \u2013 bei<br>Einbettung eines solchen Plugins \u2013 eine direkte Verbindung zu den Instagram-Servern her.<br>Der Inhalt des Plugins wird von Instagram direkt an Ihren Browser \u00fcbermittelt und in die<br>Seite eingebunden. Aufgrund dieser Einbindung erh\u00e4lt Instagram die Information, dass Ihr<br>Browser die entsprechende Seite des Werbeauftritts der Frey-Sports GmbH aufgerufen hat;<\/p>\n\n\n\n<p>5\/1<\/p>\n\n\n\n<p>dies erfolgt selbst dann, wenn Sie kein Instagram-Profil besitzen oder in Ihrem Account nicht<br>eingeloggt sind. Diese Information (samt Ihrer IP-Adresse) wird von Ihrem Browser direkt an<br>einen Server von Instagram in die USA \u00fcbermittelt und dort gespeichert. Sollte Sie beim<br>Besuch der Website der Frey-Sports GmbH in Ihrem Instagram-Account eingeloggt sein,<br>kann der Besuch der Website unmittelbar Ihrem Instagram-Account zugeordnet werden.<br>Sollten Sie mit den Plugins interagieren (beispielsweise durch Bet\u00e4tigung des Instagram-<br>Buttons) wird diese Information ebenfalls an einen Server von Instagram \u00fcbermittelt und dort<br>auch gespeichert. Sind Sie bei Instagram eingeloggt, kann Instagram den Besuch unserer<br>Website Ihrem Instagram-Account unmittelbar zuordnen. Zudem erfolgt die Ver\u00f6ffentlichung<br>dieser Information auf Ihrem Instagram-Account und wird dort auch Ihren Kontakten<br>angezeigt.<br>Den Zweck und Umfang der Datenerhebung sowie die weitere Verarbeitung und Nutzung<br>der Daten durch Instagram und Ihre diesbez\u00fcglichen Rechte und Einstellungsm\u00f6glichkeiten<br>zum Schutz Ihrer Privatsph\u00e4re entnehmen Sie bitte den Datenrichtlinien von Instagram:<br>https:\/\/help.instagram.com\/155833707900388\/<br>Sollten Sie die Datensammlung \u00fcber den Werbeauftritt der Frey-Sports GmbH nicht zu Ihrem<br>Instagram-Account zugeordnet haben wollen, dann m\u00fcssen Sie sich vor dem Besuch der<br>Website der Frey-Sports GmbH aus Ihrem Instagram-Account ausloggen. Zudem kann auch<br>durch Add-Ons das Laden der Plugins komplett verhindert werden; dies beispielsweise durch<br>\u201eNoScript\u201c (http:\/\/noscript.net\/).<\/p>\n\n\n\n<p>Facebook<\/p>\n\n\n\n<p>Beim Besuch unserer Profile werden unter anderem Ihre IP-Adresse sowie weitere<br>Informationen zu Ihren verwendeten Ger\u00e4ten verarbeitet, was eine Zuordnung der IP-<br>Adressen zu einzelnen Nutzern erm\u00f6glicht. Auf diese Datenverarbeitung k\u00f6nnen wir keinen<br>Einfluss nehmen. Wir weisen Sie darauf hin, dass Sie unsere Profile auf den sozialen<br>Netzwerken und ihre Funktionen in eigener Verantwortung nutzen. Details zur<br>Datenverarbeitung k\u00f6nnen Sie der Datenschutzerkl\u00e4rung des Betreibers entnehmen.<\/p>\n\n\n\n<p>6\/1<\/p>\n\n\n\n<p>Wir verf\u00fcgen \u00fcber ein Profil bei Facebook. Anbieter dieses Dienstes ist die Meta Platforms<br>Ireland Limited, 4 Grand Canal Square, Grand Canal Harbour, Dublin 2, Irland.<\/p>\n\n\n\n<p>Details entnehmen Sie der Datenschutzerkl\u00e4rung von Facebook:<br>https:\/\/www.facebook.com\/about\/privacy\/.<\/p>\n\n\n\n<p>YouTube<\/p>\n\n\n\n<p>Wir nutzen auf unserer Webseite den Dienst YouTube. Anbieter des Dienstes ist die Google<br>Ireland Limited, Gordon House, Barrow Street, Dublin 4, Irland. Durch die Nutzung des<br>Dienstes kann es zu einer Daten\u00fcbertragung in ein Drittland kommen (USA). Der Anbieter ist<br>gem\u00e4\u00df EU-U.S. Data Privacy Framework zertifiziert und bietet daher ein angemessenes<br>Datenschutzniveau. Der Dienst setzt auf unserer Webseite Cookies ein und speichert Daten<br>im Local bzw. Session Storage des Browsers.<\/p>\n\n\n\n<p>Weitere Informationen sind in den Datenschutzinformationen des Anbieters unter folgender<br>URL zu finden: https:\/\/business.safety.google\/privacy.<\/p>\n\n\n\n<ol start=\"10\" class=\"wp-block-list\">\n<li>Weitere Dienste<\/li>\n<\/ol>\n\n\n\n<p>Die Frey-Sports GmbH verwendet zudem noch nachfolgende Dienste:<\/p>\n\n\n\n<p>Google Fonts<\/p>\n\n\n\n<p>Die Google Fonts werden von Google Inc. zur Verf\u00fcgung gestellt und ist hierf\u00fcr die Google<br>Ireland Ltd. rechtlich verantwortlich. Die Adresse der Google Ireland Ltd. lautet: Gordon<br>House, Barrow St, Dublin, Irland. Die Verwendung von Google Fonts erfolgt ohne<br>Authentisierung und es werden keine Cookies and die Google Fonts API gesendet. Sollten<br>Sie ein Konto bei Google haben, werden keine Ihrer Google-Kontodaten an Google w\u00e4hrend<br>der Nutzung von Google Fonts \u00fcbermittelt. Google erfasst lediglich die Nutzung von CSS<\/p>\n\n\n\n<p>7\/1<\/p>\n\n\n\n<p>und der verwendeten Fonts und speichert diese Daten sicher. Mehr Informationen finden Sie<br>auf: https:\/\/developers.google.com\/fonts\/faq. Welche Daten von Google erfasst werden und<br>wof\u00fcr diese Daten verwendet werden, k\u00f6nnen Sie hier nachlesen:<br>https:\/\/www.google.com\/intl\/de\/policies\/privacy\/<\/p>\n\n\n\n<p>Google Analytics Conversion Tracking (Google Ads):<\/p>\n\n\n\n<p>Diese Website nutzt ferner das Google Conversion Tracking. Hier wird von Google Ads ein<br>Cookie auf Ihrem Rechner gesetzt, sofern Sie \u00fcber eine Google-Anzeige auf die Website der<br>Frey-Sports GmbH gelangt sind. Nach 30 Tagen verlieren diese Cookies ihre G\u00fcltigkeit und<br>dienen diese nicht der pers\u00f6nlichen Identifizierung. Besucht der Nutzer bestimmte Seiten der<br>Website des Ads-Kunden und das Cookie ist noch nicht abgelaufen, k\u00f6nnen Google und der<br>Kunde erkennen, dass der Nutzer auf die Anzeige geklickt hat und zu dieser Seite<br>weitergeleitet wurde. Jeder Ads-Kunde erh\u00e4lt ein anderes Cookie. Cookies k\u00f6nnen somit<br>nicht \u00fcber die Websiten von Ads-Kunden nachverfolgt werden. Die durch die Conversion-<br>Cookies eingeholten Informationen dienen dazu, Conversion-Statistiken f\u00fcr Ads-Kunden zu<br>erstellen, die sich f\u00fcr Conversion-Tracking entschieden haben. Die Ads-Kunden erfahren die<br>Gesamtanzahl der Nutzer, die auf ihre Anzeige geklickt haben und zu einer mit einem<br>Conversion-Tracking-Tag versehenen Seite weitergeleitet wurden. Sie erhalten jedoch keine<br>Informationen, mit denen die Nutzer pers\u00f6nlich identifiziert werden k\u00f6nnen. Wenn Sie nicht<br>an dem Tracking-Verfahren teilnehmen m\u00f6chten, k\u00f6nnen Sie auch das hierf\u00fcr erforderliche<br>Setzen eines Cookies ablehnen \u2013 etwa per Browser-Einstellung, die das automatische<br>Setzen von Cookies generell deaktiviert. Sie k\u00f6nnen Cookies f\u00fcr Conversion-Tracking auch<br>deaktivieren, indem Sie Ihren Browser so einstellen, dass Cookies von der Domain<br>\u201ewww.googleadservices.com\u201c blockiert werden. Googles Datenschutzbelehrung finden Sie<br>hier: https:\/\/policies.google.com\/privacy?hl=de<\/p>\n\n\n\n<p>Wenn Sie die SSL-Suche, die verschl\u00fcsselte Suchfunktion von Google, verwenden, werden<br>die Suchbegriffe meistens nicht als Teil der URL in der Verweis-URL gesendet. Hierbei gibt<br>es jedoch einige Ausnahmen, zum Beispiel wenn Sie bestimmte, weniger verbreitete<br>Browser verwenden. Weitere Informationen zur SSL-Suche erhalten Sie hier. Suchanfragen<br>oder Informationen in der Verweis-URL k\u00f6nnten unter Umst\u00e4nden auch \u00fcber Google<br>Analytics oder eine Application Programming Interface (API) eingesehen werden. Au\u00dferdem<br>erhalten Werbetreibende m\u00f6glicherweise Informationen zu den genauen Suchbegriffen,<br>durch die ein Klick auf eine Anzeige ausgel\u00f6st wurde.&nbsp;N\u00e4heres finden Sie hier:<br>https:\/\/policies.google.com\/faq?hl=de<\/p>\n\n\n\n<p>8\/1<\/p>\n\n\n\n<p>Applikation von Virtuagym B.V.:<\/p>\n\n\n\n<p>Frey-Sports GmbH bietet eine App an, die zahlreiche Dienste anbietet und Ihnen unter<br>anderem individuelle Trainings- und Ern\u00e4hrungstracking erm\u00f6glicht. Bei Nutzung dieser App<br>werden Ihre Daten von folgendem Verantwortlichen verarbeitet: Virtuagym B.V., Rokin 75,<br>1012 KL Amsterdam, Niederlande (Kursverwaltung, API, Widget)<\/p>\n\n\n\n<p>Welche Daten von Virtuagym B.V., erfasst werden und wof\u00fcr diese Daten verwendet<br>werden, k\u00f6nnen Sie hier nachlesen: https:\/\/support.virtuagym.com\/s\/privacy-<br>statement?language=de<\/p>\n\n\n\n<p>Zahlungssystem von Mollie B.V.:<\/p>\n\n\n\n<p>Bei Auswahl einer Zahlungsart des Paymentdienstleisters Mollie B.V. (zB. Apple Pay, EPS,<br>Kreditkarten wie VISA, MasterCard, Amercian Express, Klarna Sofort oder PayPal, beachten<br>Sie die Hinweise zum Payment-Provider bei der Auswahl der Zahlungsart), erfolgt die<br>Zahlungsabwicklung sicher \u00fcber den Paymentdienstleister Mollie B.V., Keizersgracht 313,<br>1016 EE Amsterdam, Niederlande, an den wir Ihre im Rahmen des Bestellvorgangs<br>mitgeteilten Informationen nebst den Informationen \u00fcber Ihre Bestellung (Name, Anschrift,<br>IBAN, BIC, Rechnungsbetrag, W\u00e4hrung und Transaktionsnummer) gem\u00e4\u00df Art. 6 Abs. 1 lit. b<br>DSGVO weitergeben.<\/p>\n\n\n\n<p>Wenn Sie als (bezahlender) Verbraucher eine Zahlungsart von Mollie in Anspruch nehmen,<br>werden die folgenden personenbezogenen Daten verarbeitet:<\/p>\n\n\n\n<p>Ihre Bezahldaten (zum Beispiel Bankkontonummer oder Kreditkartennummer), Ihre IP-<br>Adresse, Ihr Internetbrowser und Ger\u00e4tetyp (in manchen F\u00e4llen zudem: Ihr Vor- und<br>Nachname, Ihre Adressdaten oder Informationen \u00fcber das Produkt oder die Dienstleistung,<br>die Sie erworben haben) sowie sonstige personenbezogene Daten, die Sie aktiv<br>bereitstellen, zum Beispiel per Korrespondenz oder am Telefon.<\/p>\n\n\n\n<p>Gegenstand der Auftragsdatenverarbeitung ist die technische Abwicklung von elektronischen<br>Zahlungstransaktionen.<\/p>\n\n\n\n<p>Die Weitergabe Ihrer Daten erfolgt SSL verschl\u00fcsselt und ausschlie\u00dflich zum Zwecke der<br>Zahlungsabwicklung mit dem Zahlungsdienstleister Mollie und nur insoweit, als sie hierf\u00fcr<\/p>\n\n\n\n<p>9\/1<\/p>\n\n\n\n<p>erforderlich ist. Mollie ist der f\u00fcr die Verarbeitung Verantwortliche im Sinne der DSGVO. Hier<br>die Datenschutzerkl\u00e4rung von MOLLIE B.V. Link: https:\/\/www.mollie.com\/de\/privacy<\/p>\n\n\n\n<ol start=\"11\" class=\"wp-block-list\">\n<li>Betroffenenrechte<\/li>\n<\/ol>\n\n\n\n<p>Als datenschutzrechtlich Betroffener (\u201ebetroffene Person\u201c) m\u00f6chten wir Sie \u00fcber<br>nachstehende Rechte informieren:<\/p>\n\n\n\n<p>Sie haben das Recht auf Auskunft \u00fcber die Sie betreffenden personenbezogenen Daten<br>sowie auf Berichtigung oder L\u00f6schung oder auf Einschr\u00e4nkung der Verarbeitung oder eines<br>Widerspruchsrechts gegen die Verarbeitung sowie das Recht auf Daten\u00fcbertragbarkeit.<\/p>\n\n\n\n<p>Zum Recht auf Auskunft:<br>Das Recht auf Auskunft ergibt sich aus dem Art 15 DSGVO und ist hierin festgeschrieben,<br>dass jeder von der Datenverarbeitung Betroffene das Recht hat, vom Verantwortlichen eine<br>Best\u00e4tigung hier\u00fcber zu verlangen, ob ihn betreffende personenbezogene Daten verarbeitet<br>werden. Sollte dies der Fall sein hat der Betroffene folgende Rechte (Art 15 Abs 1 ff<br>DSGVO):<br>(a) die Verarbeitungszwecke;<br>(b) die Kategorien personenbezogener Daten, die verarbeitet werden;<br>(c) die Empf\u00e4nger oder Kategorien von Empf\u00e4ngern, gegen\u00fcber denen die<br>personenbezogenen Daten offengelegt worden sind oder noch offengelegt werden,<br>insbesondere bei Empf\u00e4ngern in Drittl\u00e4ndern oder bei internationalen Organisationen;<br>(d) falls m\u00f6glich, die geplante Dauer, f\u00fcr die die personenbezogenen Daten<br>gespeichert werden, oder, falls dies nicht m\u00f6glich ist, die Kriterien f\u00fcr die Festlegung<br>dieser Dauer;<br>(e) das Bestehen eines Rechts auf Berichtigung oder L\u00f6schung der sie betreffenden<br>personenbezogenen Daten oder auf Einschr\u00e4nkung der Verarbeitung durch den<br>Verantwortlichen oder eines Widerspruchsrechts gegen diese Verarbeitung;<br>(f) das Bestehen eines Beschwerderechts bei einer Aufsichtsbeh\u00f6rde;<br>(g) wenn die personenbezogenen Daten nicht bei der betroffenen Person erhoben<br>werden, alle verf\u00fcgbaren Informationen \u00fcber die Herkunft der Daten;<br>(h) das (Nicht)Bestehen einer automatisierten Entscheidungsfindung einschlie\u00dflich<br>Profiling iSd Art 22 DSGVO.<\/p>\n\n\n\n<p>Der Verantwortliche stellt eine Kopie der personenbezogenen Daten, die Gegenstand der<br>Verarbeitung sind, zur Verf\u00fcgung. F\u00fcr alle weiteren Kopien, die die betroffene Person<\/p>\n\n\n\n<p>10\/1<\/p>\n\n\n\n<p>beantragt, kann der Verantwortliche ein angemessenes Entgelt auf der Grundlage der<br>Verwaltungskosten verlangen. Stellt die betroffene Person den Antrag elektronisch, so sind<br>die Informationen in einem g\u00e4ngigen elektronischen Format zur Verf\u00fcgung zu stellen, sofern<br>sie nichts anderes angibt.<\/p>\n\n\n\n<p>Zum Recht auf Berichtigung und L\u00f6schung:<br>Die entsprechende Rechtsgrundlage f\u00fcr die Berichtigung stellt der Art 16 DSGVO dar:<br>Die betroffene Person hat das Recht, vom Verantwortlichen unverz\u00fcglich die Berichtigung<br>sie betreffender unrichtiger personenbezogener Daten zu verlangen. Unter Ber\u00fccksichtigung<br>der Zwecke der Verarbeitung hat die betroffene Person das Recht, die Vervollst\u00e4ndigung<br>unvollst\u00e4ndiger personenbezogener Daten \u2014 auch mittels einer erg\u00e4nzenden Erkl\u00e4rung \u2014<br>zu verlangen.<br>Weiters hat die betroffene Person das Recht, vom Verantwortlichen zu verlangen, dass sie<br>betreffende personenbezogene Daten unverz\u00fcglich gel\u00f6scht werden, und der<br>Verantwortliche ist verpflichtet, personenbezogene Daten unverz\u00fcglich zu l\u00f6schen, sofern<br>einer der folgenden Gr\u00fcnde zutrifft (Art 17 Abs 1 DSGVO):<br>(a) Die personenbezogenen Daten sind f\u00fcr die Zwecke, f\u00fcr die sie erhoben oder auf<br>sonstige Weise verarbeitet wurden, nicht mehr notwendig.<br>(b) Die betroffene Person widerruft ihre Einwilligung, auf die sich die Verarbeitung<br>st\u00fctzte, und es fehlt an einer anderweitigen Rechtsgrundlage f\u00fcr die Verarbeitung.<br>(c) Die betroffene Person legt Widerspruch (siehe hierzu weiter unten) gegen die<br>Verarbeitung ein.<br>(d) Die personenbezogenen Daten wurden unrechtm\u00e4\u00dfig verarbeitet.<br>(e) Die L\u00f6schung der personenbezogenen Daten ist zur Erf\u00fcllung einer rechtlichen<br>Verpflichtung erforderlich, der der Verantwortliche unterliegt.<br>(f) Die personenbezogenen Daten wurden in Bezug auf angebotene Dienste der<br>Informationsgesellschaft (Einwilligung eines Kindes) erhoben. Das Recht auf<br>L\u00f6schung besteht insbesondere dann nicht, soweit die Verarbeitung zur Erf\u00fcllung<br>einer rechtlichen Verpflichtung des Verantwortlichen, oder zur Wahrnehmung einer<br>Aufgabe, die im \u00f6ffentlichen Interesse liegt oder in Aus\u00fcbung \u00f6ffentlicher Gewalt<br>erfolgt, die dem Verantwortlichen \u00fcbertragen wurde, erforderlich ist und\/ oder zur<br>Geltendmachung, Aus\u00fcbung oder Verteidigung von Rechtsanspr\u00fcchen.<\/p>\n\n\n\n<p>Zum Recht auf Einschr\u00e4nkung der Verarbeitung:<br>Die Rechtsgrundlage stellt hierf\u00fcr der Art 18 DSGVO dar:<br>Wenn die nachfolgenden Voraussetzungen vorliegen, hat die betroffene Person das Recht,<br>vom Verantwortlichen die Einschr\u00e4nkung der Verarbeitung zu verlangen:<\/p>\n\n\n\n<p>11\/1<\/p>\n\n\n\n<p>(a) die Richtigkeit der personenbezogenen Daten von der betroffenen Person<br>bestritten wird, und zwar f\u00fcr eine Dauer, die es dem Verantwortlichen erm\u00f6glicht, die<br>Richtigkeit der personenbezogenen Daten zu \u00fcberpr\u00fcfen,<br>(b) die Verarbeitung unrechtm\u00e4\u00dfig ist und die betroffene Person die L\u00f6schung der<br>personenbezogenen Daten ablehnt und stattdessen die Einschr\u00e4nkung der Nutzung<br>der personenbezogenen Daten verlangt;<br>(c) den Verantwortlichen die personenbezogenen Daten f\u00fcr die Zwecke der<br>Verarbeitung nicht l\u00e4nger ben\u00f6tigt, die betroffene Person sie jedoch zur<br>Geltendmachung, Aus\u00fcbung oder Verteidigung von Rechtsanspr\u00fcchen ben\u00f6tigt, oder<br>(d) die betroffene Person Widerspruch gegen die Verarbeitung eingelegt hat, solange<br>noch nicht feststeht, ob die berechtigten Gr\u00fcnde des Verantwortlichen gegen\u00fcber<br>denen der betroffenen Person \u00fcberwiegen.<\/p>\n\n\n\n<p>Wurde die Verarbeitung eingeschr\u00e4nkt, so d\u00fcrfen diese personenbezogenen Daten \u2014<br>abgesehen von ihrer Speicherung \u2014 nur mit Einwilligung der betroffenen Person oder zur<br>Geltendmachung, Aus\u00fcbung oder Verteidigung von Rechtsanspr\u00fcchen oder zum Schutz der<br>Rechte einer anderen nat\u00fcrlichen oder juristischen Person oder aus Gr\u00fcnden eines<br>wichtigen \u00f6ffentlichen Interesses der Union oder eines Mitgliedstaats verarbeitet werden.<br>Eine betroffene Person, die eine Einschr\u00e4nkung der Verarbeitung erwirkt hat, wird vom<br>Verantwortlichen unterrichtet, bevor die Einschr\u00e4nkung aufgehoben wird (vgl. Art 18 Abs 2<br>und 3 DSGVO).<\/p>\n\n\n\n<p>Zum Recht auf Daten\u00fcbertragbarkeit:<br>Das Recht auf Daten\u00fcbertragbarkeit ergibt sich aus dem Art 20 DSGVO. Sofern die<br>Verarbeitung auf einer Einwilligung oder auf einem Vertrag beruht und die Verarbeitung<br>mithilfe automatisierter Verfahren erfolgt, hat die betroffene Person das Recht, die sie<br>betreffenden personenbezogenen Daten, die sie dem Verantwortlichen bereitgestellt hat, in<br>einem strukturierten, g\u00e4ngigen und maschinenlesbaren Format zu erhalten. Bei der<br>Aus\u00fcbung ihres Rechts auf Daten\u00fcbertragbarkeit hat die betroffene Person das Recht, zu<br>erwirken, dass die personenbezogenen Daten direkt von einem Verantwortlichen einem<br>anderen Verantwortlichen \u00fcbermittelt werden, soweit dies technisch machbar ist.<\/p>\n\n\n\n<p>Zum Widerspruchsrecht:<br>Wenn Sie der Auffassung sind, dass Ihren Rechten nicht oder nicht ausreichend<br>nachgekommen wird, haben Sie die M\u00f6glichkeit einer Beschwerde bei der<br>Datenschutzbeh\u00f6rde. Jede betroffene Person hat \u2013 unabh\u00e4ngig von einem anderen<br>verwaltungsrechtlichen oder gerichtlichen Rechtsbehelf \u2013 das Recht auf Beschwerde bei der<\/p>\n\n\n\n<p>12\/1<\/p>\n\n\n\n<p>Aufsichtsbeh\u00f6rde (Datenschutzbeh\u00f6rde). Die Kontaktdaten der \u00f6sterreichischen<br>Datenschutzbeh\u00f6rde sind abrufbar unter: https:\/\/www.dsb.gv.at\/.<\/p>\n\n\n\n<ol start=\"12\" class=\"wp-block-list\">\n<li>\u00c4nderungen und Erg\u00e4nzungen<\/li>\n<\/ol>\n\n\n\n<p class=\"has-text-align-left has-x-large-font-size\" style=\"line-height:1.2\">Die Frey-Sports GmbH beh\u00e4lt es sich ausdr\u00fccklich vor, \u00c4nderungen oder Erg\u00e4nzungen der<br>Datenschutzerkl\u00e4rung unangek\u00fcndigt vorzunehmen. Sollten Teile der Datenschutzerkl\u00e4rung<br>nicht mehr der geltenden Rechtslage entsprechen, bleibt der \u00fcbrige Text und dessen<br>G\u00fcltigkeit hiervon unber\u00fchrt.<\/p>\n<\/div>\n<\/div>\n<\/div>\n<\/div>\n","protected":false},"excerpt":{"rendered":"<p>DATENSCHUTZERKL\u00c4RUNG Wir, die Frey-Sports GmbH, Lafnitz 38, 8233 Lafnitz, vertreten durch Daniela Frey, FN647435&nbsp;k beim Landesgericht f\u00fcr Zivilrechtssachen Graz (kurz \u201ewir\u201c), nehmen den SchutzIhrer personenbezogenen Daten sehr ernst und informieren Sie deshalb dar\u00fcber, zuwelchem Zweck, auf welcher Rechtsgrundlage, wie lange und unter Heranziehung welcherDienstleister (\u201eEmpf\u00e4nger\u201c) wir Ihre Daten verarbeiten und welche Betroffenenrechte Ihnenim Einzelnen unter [&hellip;]<\/p>\n","protected":false},"author":1,"featured_media":0,"parent":0,"menu_order":0,"comment_status":"closed","ping_status":"closed","template":"","meta":{"footnotes":""},"class_list":["post-304","page","type-page","status-publish","hentry"],"yoast_head":"<!-- This site is optimized with the Yoast SEO plugin v25.9 - https:\/\/yoast.com\/wordpress\/plugins\/seo\/ -->\n<title>DSGVO - GYM FREY<\/title>\n<meta name=\"robots\" content=\"index, follow, max-snippet:-1, max-image-preview:large, max-video-preview:-1\" \/>\n<link rel=\"canonical\" href=\"https:\/\/gymfrey.at\/?page_id=304\" \/>\n<meta property=\"og:locale\" content=\"de_DE\" \/>\n<meta property=\"og:type\" content=\"article\" \/>\n<meta property=\"og:title\" content=\"DSGVO - GYM FREY\" \/>\n<meta property=\"og:description\" content=\"DATENSCHUTZERKL\u00c4RUNG Wir, die Frey-Sports GmbH, Lafnitz 38, 8233 Lafnitz, vertreten durch Daniela Frey, FN647435&nbsp;k beim Landesgericht f\u00fcr Zivilrechtssachen Graz (kurz \u201ewir\u201c), nehmen den SchutzIhrer personenbezogenen Daten sehr ernst und informieren Sie deshalb dar\u00fcber, zuwelchem Zweck, auf welcher Rechtsgrundlage, wie lange und unter Heranziehung welcherDienstleister (\u201eEmpf\u00e4nger\u201c) wir Ihre Daten verarbeiten und welche Betroffenenrechte Ihnenim Einzelnen unter [&hellip;]\" \/>\n<meta property=\"og:url\" content=\"https:\/\/gymfrey.at\/?page_id=304\" \/>\n<meta property=\"og:site_name\" content=\"GYM FREY\" \/>\n<meta property=\"article:modified_time\" content=\"2025-09-04T14:52:02+00:00\" \/>\n<meta name=\"twitter:card\" content=\"summary_large_image\" \/>\n<meta name=\"twitter:label1\" content=\"Gesch\u00e4tzte Lesezeit\" \/>\n\t<meta name=\"twitter:data1\" content=\"15\u00a0Minuten\" \/>\n<script type=\"application\/ld+json\" class=\"yoast-schema-graph\">{\"@context\":\"https:\/\/schema.org\",\"@graph\":[{\"@type\":\"WebPage\",\"@id\":\"https:\/\/gymfrey.at\/?page_id=304\",\"url\":\"https:\/\/gymfrey.at\/?page_id=304\",\"name\":\"DSGVO - GYM FREY\",\"isPartOf\":{\"@id\":\"https:\/\/gymfrey.at\/#website\"},\"datePublished\":\"2025-09-02T12:46:03+00:00\",\"dateModified\":\"2025-09-04T14:52:02+00:00\",\"breadcrumb\":{\"@id\":\"https:\/\/gymfrey.at\/?page_id=304#breadcrumb\"},\"inLanguage\":\"de\",\"potentialAction\":[{\"@type\":\"ReadAction\",\"target\":[\"https:\/\/gymfrey.at\/?page_id=304\"]}]},{\"@type\":\"BreadcrumbList\",\"@id\":\"https:\/\/gymfrey.at\/?page_id=304#breadcrumb\",\"itemListElement\":[{\"@type\":\"ListItem\",\"position\":1,\"name\":\"Startseite\",\"item\":\"https:\/\/gymfrey.at\/\"},{\"@type\":\"ListItem\",\"position\":2,\"name\":\"DSGVO\"}]},{\"@type\":\"WebSite\",\"@id\":\"https:\/\/gymfrey.at\/#website\",\"url\":\"https:\/\/gymfrey.at\/\",\"name\":\"GYM FREY\",\"description\":\"Train like a pro\",\"publisher\":{\"@id\":\"https:\/\/gymfrey.at\/#organization\"},\"potentialAction\":[{\"@type\":\"SearchAction\",\"target\":{\"@type\":\"EntryPoint\",\"urlTemplate\":\"https:\/\/gymfrey.at\/?s={search_term_string}\"},\"query-input\":{\"@type\":\"PropertyValueSpecification\",\"valueRequired\":true,\"valueName\":\"search_term_string\"}}],\"inLanguage\":\"de\"},{\"@type\":\"Organization\",\"@id\":\"https:\/\/gymfrey.at\/#organization\",\"name\":\"GYM FREY\",\"url\":\"https:\/\/gymfrey.at\/\",\"logo\":{\"@type\":\"ImageObject\",\"inLanguage\":\"de\",\"@id\":\"https:\/\/gymfrey.at\/#\/schema\/logo\/image\/\",\"url\":\"https:\/\/gymfrey.at\/wp-content\/uploads\/2025\/07\/sigi-icon.png\",\"contentUrl\":\"https:\/\/gymfrey.at\/wp-content\/uploads\/2025\/07\/sigi-icon.png\",\"width\":770,\"height\":481,\"caption\":\"GYM FREY\"},\"image\":{\"@id\":\"https:\/\/gymfrey.at\/#\/schema\/logo\/image\/\"},\"sameAs\":[\"https:\/\/www.instagram.com\/gymfrey.at\"]}]}<\/script>\n<!-- \/ Yoast SEO plugin. -->","yoast_head_json":{"title":"DSGVO - GYM FREY","robots":{"index":"index","follow":"follow","max-snippet":"max-snippet:-1","max-image-preview":"max-image-preview:large","max-video-preview":"max-video-preview:-1"},"canonical":"https:\/\/gymfrey.at\/?page_id=304","og_locale":"de_DE","og_type":"article","og_title":"DSGVO - GYM FREY","og_description":"DATENSCHUTZERKL\u00c4RUNG Wir, die Frey-Sports GmbH, Lafnitz 38, 8233 Lafnitz, vertreten durch Daniela Frey, FN647435&nbsp;k beim Landesgericht f\u00fcr Zivilrechtssachen Graz (kurz \u201ewir\u201c), nehmen den SchutzIhrer personenbezogenen Daten sehr ernst und informieren Sie deshalb dar\u00fcber, zuwelchem Zweck, auf welcher Rechtsgrundlage, wie lange und unter Heranziehung welcherDienstleister (\u201eEmpf\u00e4nger\u201c) wir Ihre Daten verarbeiten und welche Betroffenenrechte Ihnenim Einzelnen unter [&hellip;]","og_url":"https:\/\/gymfrey.at\/?page_id=304","og_site_name":"GYM FREY","article_modified_time":"2025-09-04T14:52:02+00:00","twitter_card":"summary_large_image","twitter_misc":{"Gesch\u00e4tzte Lesezeit":"15\u00a0Minuten"},"schema":{"@context":"https:\/\/schema.org","@graph":[{"@type":"WebPage","@id":"https:\/\/gymfrey.at\/?page_id=304","url":"https:\/\/gymfrey.at\/?page_id=304","name":"DSGVO - GYM FREY","isPartOf":{"@id":"https:\/\/gymfrey.at\/#website"},"datePublished":"2025-09-02T12:46:03+00:00","dateModified":"2025-09-04T14:52:02+00:00","breadcrumb":{"@id":"https:\/\/gymfrey.at\/?page_id=304#breadcrumb"},"inLanguage":"de","potentialAction":[{"@type":"ReadAction","target":["https:\/\/gymfrey.at\/?page_id=304"]}]},{"@type":"BreadcrumbList","@id":"https:\/\/gymfrey.at\/?page_id=304#breadcrumb","itemListElement":[{"@type":"ListItem","position":1,"name":"Startseite","item":"https:\/\/gymfrey.at\/"},{"@type":"ListItem","position":2,"name":"DSGVO"}]},{"@type":"WebSite","@id":"https:\/\/gymfrey.at\/#website","url":"https:\/\/gymfrey.at\/","name":"GYM FREY","description":"Train like a pro","publisher":{"@id":"https:\/\/gymfrey.at\/#organization"},"potentialAction":[{"@type":"SearchAction","target":{"@type":"EntryPoint","urlTemplate":"https:\/\/gymfrey.at\/?s={search_term_string}"},"query-input":{"@type":"PropertyValueSpecification","valueRequired":true,"valueName":"search_term_string"}}],"inLanguage":"de"},{"@type":"Organization","@id":"https:\/\/gymfrey.at\/#organization","name":"GYM FREY","url":"https:\/\/gymfrey.at\/","logo":{"@type":"ImageObject","inLanguage":"de","@id":"https:\/\/gymfrey.at\/#\/schema\/logo\/image\/","url":"https:\/\/gymfrey.at\/wp-content\/uploads\/2025\/07\/sigi-icon.png","contentUrl":"https:\/\/gymfrey.at\/wp-content\/uploads\/2025\/07\/sigi-icon.png","width":770,"height":481,"caption":"GYM FREY"},"image":{"@id":"https:\/\/gymfrey.at\/#\/schema\/logo\/image\/"},"sameAs":["https:\/\/www.instagram.com\/gymfrey.at"]}]}},"_links":{"self":[{"href":"https:\/\/gymfrey.at\/index.php?rest_route=\/wp\/v2\/pages\/304","targetHints":{"allow":["GET"]}}],"collection":[{"href":"https:\/\/gymfrey.at\/index.php?rest_route=\/wp\/v2\/pages"}],"about":[{"href":"https:\/\/gymfrey.at\/index.php?rest_route=\/wp\/v2\/types\/page"}],"author":[{"embeddable":true,"href":"https:\/\/gymfrey.at\/index.php?rest_route=\/wp\/v2\/users\/1"}],"replies":[{"embeddable":true,"href":"https:\/\/gymfrey.at\/index.php?rest_route=%2Fwp%2Fv2%2Fcomments&post=304"}],"version-history":[{"count":2,"href":"https:\/\/gymfrey.at\/index.php?rest_route=\/wp\/v2\/pages\/304\/revisions"}],"predecessor-version":[{"id":391,"href":"https:\/\/gymfrey.at\/index.php?rest_route=\/wp\/v2\/pages\/304\/revisions\/391"}],"wp:attachment":[{"href":"https:\/\/gymfrey.at\/index.php?rest_route=%2Fwp%2Fv2%2Fmedia&parent=304"}],"curies":[{"name":"wp","href":"https:\/\/api.w.org\/{rel}","templated":true}]}}